{"id":322403,"date":"2020-03-24T17:43:34","date_gmt":"2020-03-24T16:43:34","guid":{"rendered":"https:\/\/larome-paris.com\/les-jardins-de-douchy\/"},"modified":"2020-06-05T19:45:48","modified_gmt":"2020-06-05T17:45:48","slug":"the-douchy-vegetables-gardens","status":"publish","type":"page","link":"https:\/\/larome-paris.com\/en\/the-douchy-vegetables-gardens\/","title":{"rendered":"The Douchy Vegetables Gardens"},"content":{"rendered":"<div id=\"pl-322403\"  class=\"panel-layout\" ><div id=\"pg-322403-0\"  class=\"panel-grid panel-has-style\" ><div class=\"corp-boxed panel-row-style panel-row-style-for-322403-0\" ><div id=\"pgc-322403-0-0\"  class=\"panel-grid-cell\" ><div id=\"panel-322403-0-0-0\" class=\"so-panel widget widget_sow-editor panel-first-child\" data-index=\"0\" ><div\n\t\t\t\n\t\t\tclass=\"so-widget-sow-editor so-widget-sow-editor-base\"\n\t\t\t\n\t\t><h2 class=\"widget-title\">The Douchy Vegetables Gardens are first and foremost a story of passionate people !<\/h2>\n<div class=\"siteorigin-widget-tinymce textwidget\">\n\t<p>Upon his arrival at the Royal Monceau in 2003, Chef Christophe Pel\u00e9 introduced his then second Thomas Boullault to Jo\u00ebl Thi\u00e9bault. From then on, <strong>a story of shared passion but above all a story of friendship began<\/strong>.<\/p>\n<p>Over the years, Jo\u00ebl Thi\u00e9bault, who is famous for being the chefs\u2019 favourite gardener and for having developed some vegetable gems, has exhilarated Thomas\u2019s cuisine and inventiveness.<br \/>\nBut then, in 2017, Jo\u00ebl Thi\u00e9bault decided to sail away and retired.<\/p>\n<p>This was a real shock for the chefs who would not only lose their best gardener but also miss the close relationship they had with him.<\/p>\n<\/div>\n<\/div><\/div><div id=\"panel-322403-0-0-1\" class=\"so-panel widget widget_sow-image\" data-index=\"1\" ><div\n\t\t\t\n\t\t\tclass=\"so-widget-sow-image so-widget-sow-image-default-c67d20f9f743-322403\"\n\t\t\t\n\t\t>\n<div class=\"sow-image-container\">\n\t\t<img \n\tsrc=\"https:\/\/larome-paris.com\/wp-content\/uploads\/2020\/04\/Jardins-de-Douchy.jpg\" width=\"1311\" height=\"1241\" srcset=\"https:\/\/larome-paris.com\/wp-content\/uploads\/2020\/04\/Jardins-de-Douchy.jpg 1311w, https:\/\/larome-paris.com\/wp-content\/uploads\/2020\/04\/Jardins-de-Douchy-300x284.jpg 300w, https:\/\/larome-paris.com\/wp-content\/uploads\/2020\/04\/Jardins-de-Douchy-1024x969.jpg 1024w, https:\/\/larome-paris.com\/wp-content\/uploads\/2020\/04\/Jardins-de-Douchy-768x727.jpg 768w\" sizes=\"(max-width: 1311px) 100vw, 1311px\" alt=\"\" \t\tclass=\"so-widget-image\"\/>\n\t<\/div>\n\n<\/div><\/div><div id=\"panel-322403-0-0-2\" class=\"so-panel widget widget_sow-editor panel-last-child\" data-index=\"2\" ><div\n\t\t\t\n\t\t\tclass=\"so-widget-sow-editor so-widget-sow-editor-base\"\n\t\t\t\n\t\t>\n<div class=\"siteorigin-widget-tinymce textwidget\">\n\t<p>Thomas Boullault thus decided to set himself and the gardener a new challenge and start a new adventure!<\/p>\n<p>The idea was to farm two hectares of land right in the middle of Thomas\u2019s friend, David Abramczyk\u2019s organic grounds. These lands were little developed in the Jardins de Douchy and Thomas and Jo\u00ebl would then have the opportunity to create and grow their own vegetables garden.<\/p>\n<p><strong>Coming up with and developing new high quality products, such was the project\u2026<\/strong><\/p>\n<p>This is how Jo\u00ebl Thibault made Thomas Boullault\u2019s dream come true: the Chef would have his own vegetables garden halfway between Paris and his native Sologne.<\/p>\n<\/div>\n<\/div><\/div><\/div><\/div><\/div><div id=\"pg-322403-1\"  class=\"panel-grid panel-has-style\" ><div class=\"siteorigin-panels-stretch panel-row-style panel-row-style-for-322403-1\" data-stretch-type=\"full\" ><div id=\"pgc-322403-1-0\"  class=\"panel-grid-cell\" ><div id=\"panel-322403-1-0-0\" class=\"so-panel widget widget_sow-slider panel-first-child\" data-index=\"3\" ><div class=\"slider-desktop panel-widget-style panel-widget-style-for-322403-1-0-0\" ><div\n\t\t\t\n\t\t\tclass=\"so-widget-sow-slider so-widget-sow-slider-default-6d39609536fd-322403\"\n\t\t\t\n\t\t>\t\t\t\t<div class=\"sow-slider-base\" style=\"display: none\" tabindex=\"0\">\n\t\t\t\t\t<ul\n\t\t\t\t\tclass=\"sow-slider-images\"\n\t\t\t\t\tdata-settings=\"{&quot;pagination&quot;:true,&quot;speed&quot;:800,&quot;timeout&quot;:8000,&quot;paused&quot;:false,&quot;pause_on_hover&quot;:false,&quot;swipe&quot;:true,&quot;nav_always_show_desktop&quot;:&quot;&quot;,&quot;nav_always_show_mobile&quot;:&quot;&quot;,&quot;breakpoint&quot;:&quot;780px&quot;,&quot;unmute&quot;:false,&quot;anchor&quot;:null}\"\n\t\t\t\t\t\t\t\t\t\tdata-anchor-id=\"\"\n\t\t\t\t>\t\t<li class=\"sow-slider-image\" style=\"visibility: visible;\" >\n\t\t\t\t\t\t<img decoding=\"async\" width=\"1520\" height=\"520\" src=\"https:\/\/larome-paris.com\/wp-content\/uploads\/2020\/03\/PHOTO-1_douchy.jpg\" class=\"sow-slider-background-image\" alt=\"Les Jardins de Douchy\" style=\"\" srcset=\"https:\/\/larome-paris.com\/wp-content\/uploads\/2020\/03\/PHOTO-1_douchy.jpg 1520w, https:\/\/larome-paris.com\/wp-content\/uploads\/2020\/03\/PHOTO-1_douchy-300x103.jpg 300w, https:\/\/larome-paris.com\/wp-content\/uploads\/2020\/03\/PHOTO-1_douchy-1024x350.jpg 1024w, https:\/\/larome-paris.com\/wp-content\/uploads\/2020\/03\/PHOTO-1_douchy-768x263.jpg 768w\" sizes=\"(max-width: 1520px) 100vw, 1520px\" \/>\t\t<\/li>\n\t\t\t\t<li class=\"sow-slider-image\" style=\"visibility: hidden;\" >\n\t\t\t\t\t\t<img decoding=\"async\" width=\"1520\" height=\"520\" src=\"https:\/\/larome-paris.com\/wp-content\/uploads\/2020\/03\/Douchy-2.jpg\" class=\"sow-slider-background-image\" alt=\"Les Jardins de Douchy\" style=\"\" srcset=\"https:\/\/larome-paris.com\/wp-content\/uploads\/2020\/03\/Douchy-2.jpg 1520w, https:\/\/larome-paris.com\/wp-content\/uploads\/2020\/03\/Douchy-2-300x103.jpg 300w, https:\/\/larome-paris.com\/wp-content\/uploads\/2020\/03\/Douchy-2-1024x350.jpg 1024w, https:\/\/larome-paris.com\/wp-content\/uploads\/2020\/03\/Douchy-2-768x263.jpg 768w\" sizes=\"(max-width: 1520px) 100vw, 1520px\" \/>\t\t<\/li>\n\t\t\t\t<li class=\"sow-slider-image\" style=\"visibility: hidden;\" >\n\t\t\t\t\t\t<img decoding=\"async\" width=\"1520\" height=\"520\" src=\"https:\/\/larome-paris.com\/wp-content\/uploads\/2020\/03\/Photo-3-douchy.jpg\" class=\"sow-slider-background-image\" alt=\"\" style=\"\" srcset=\"https:\/\/larome-paris.com\/wp-content\/uploads\/2020\/03\/Photo-3-douchy.jpg 1520w, https:\/\/larome-paris.com\/wp-content\/uploads\/2020\/03\/Photo-3-douchy-300x103.jpg 300w, https:\/\/larome-paris.com\/wp-content\/uploads\/2020\/03\/Photo-3-douchy-1024x350.jpg 1024w, https:\/\/larome-paris.com\/wp-content\/uploads\/2020\/03\/Photo-3-douchy-768x263.jpg 768w\" sizes=\"(max-width: 1520px) 100vw, 1520px\" \/>\t\t<\/li>\n\t\t<\/ul>\t\t\t\t<ol class=\"sow-slider-pagination\">\n\t\t\t\t\t\t\t\t\t\t\t<li><a href=\"#\" data-goto=\"0\" aria-label=\"Display slide 1\"><\/a><\/li>\n\t\t\t\t\t\t\t\t\t\t\t<li><a href=\"#\" data-goto=\"1\" aria-label=\"Display slide 2\"><\/a><\/li>\n\t\t\t\t\t\t\t\t\t\t\t<li><a href=\"#\" data-goto=\"2\" aria-label=\"Display slide 3\"><\/a><\/li>\n\t\t\t\t\t\t\t\t\t<\/ol>\n\n\t\t\t\t<div class=\"sow-slide-nav sow-slide-nav-next\">\n\t\t\t\t\t<a href=\"#\" data-goto=\"next\" aria-label=\"Next slide\" data-action=\"next\">\n\t\t\t\t\t\t<em class=\"sow-sld-icon-thin-right\"><\/em>\n\t\t\t\t\t<\/a>\n\t\t\t\t<\/div>\n\n\t\t\t\t<div class=\"sow-slide-nav sow-slide-nav-prev\">\n\t\t\t\t\t<a href=\"#\" data-goto=\"previous\" aria-label=\"Previous slide\" data-action=\"prev\">\n\t\t\t\t\t\t<em class=\"sow-sld-icon-thin-left\"><\/em>\n\t\t\t\t\t<\/a>\n\t\t\t\t<\/div>\n\t\t\t\t<\/div><\/div><\/div><\/div><div id=\"panel-322403-1-0-1\" class=\"so-panel widget widget_sow-slider panel-last-child\" data-index=\"4\" ><div class=\"slider-mobile panel-widget-style panel-widget-style-for-322403-1-0-1\" ><div\n\t\t\t\n\t\t\tclass=\"so-widget-sow-slider so-widget-sow-slider-default-6d39609536fd-322403\"\n\t\t\t\n\t\t>\t\t\t\t<div class=\"sow-slider-base\" style=\"display: none\" tabindex=\"0\">\n\t\t\t\t\t<ul\n\t\t\t\t\tclass=\"sow-slider-images\"\n\t\t\t\t\tdata-settings=\"{&quot;pagination&quot;:true,&quot;speed&quot;:800,&quot;timeout&quot;:8000,&quot;paused&quot;:false,&quot;pause_on_hover&quot;:false,&quot;swipe&quot;:true,&quot;nav_always_show_desktop&quot;:&quot;&quot;,&quot;nav_always_show_mobile&quot;:&quot;&quot;,&quot;breakpoint&quot;:&quot;780px&quot;,&quot;unmute&quot;:false,&quot;anchor&quot;:null}\"\n\t\t\t\t\t\t\t\t\t\tdata-anchor-id=\"\"\n\t\t\t\t>\t\t<li class=\"sow-slider-image\" style=\"visibility: visible;\" >\n\t\t\t\t\t\t<img decoding=\"async\" width=\"720\" height=\"960\" src=\"https:\/\/larome-paris.com\/wp-content\/uploads\/2020\/02\/Douchy-2.jpg\" class=\"sow-slider-background-image\" alt=\"\" style=\"\" srcset=\"https:\/\/larome-paris.com\/wp-content\/uploads\/2020\/02\/Douchy-2.jpg 720w, https:\/\/larome-paris.com\/wp-content\/uploads\/2020\/02\/Douchy-2-225x300.jpg 225w\" sizes=\"(max-width: 720px) 100vw, 720px\" \/>\t\t<\/li>\n\t\t\t\t<li class=\"sow-slider-image\" style=\"visibility: hidden;\" >\n\t\t\t\t\t\t<img decoding=\"async\" width=\"1440\" height=\"1794\" src=\"https:\/\/larome-paris.com\/wp-content\/uploads\/2020\/02\/61973114_2046284759009397_8279564140473745408_o.jpg\" class=\"sow-slider-background-image\" alt=\"\" style=\"\" srcset=\"https:\/\/larome-paris.com\/wp-content\/uploads\/2020\/02\/61973114_2046284759009397_8279564140473745408_o.jpg 1440w, https:\/\/larome-paris.com\/wp-content\/uploads\/2020\/02\/61973114_2046284759009397_8279564140473745408_o-241x300.jpg 241w, https:\/\/larome-paris.com\/wp-content\/uploads\/2020\/02\/61973114_2046284759009397_8279564140473745408_o-822x1024.jpg 822w, https:\/\/larome-paris.com\/wp-content\/uploads\/2020\/02\/61973114_2046284759009397_8279564140473745408_o-768x957.jpg 768w, https:\/\/larome-paris.com\/wp-content\/uploads\/2020\/02\/61973114_2046284759009397_8279564140473745408_o-1233x1536.jpg 1233w\" sizes=\"(max-width: 1440px) 100vw, 1440px\" \/>\t\t<\/li>\n\t\t\t\t<li class=\"sow-slider-image\" style=\"visibility: hidden;\" >\n\t\t\t\t\t\t<img decoding=\"async\" width=\"720\" height=\"960\" src=\"https:\/\/larome-paris.com\/wp-content\/uploads\/2020\/02\/Douchy-1.jpg\" class=\"sow-slider-background-image\" alt=\"\" style=\"\" srcset=\"https:\/\/larome-paris.com\/wp-content\/uploads\/2020\/02\/Douchy-1.jpg 720w, https:\/\/larome-paris.com\/wp-content\/uploads\/2020\/02\/Douchy-1-225x300.jpg 225w\" sizes=\"(max-width: 720px) 100vw, 720px\" \/>\t\t<\/li>\n\t\t<\/ul>\t\t\t\t<ol class=\"sow-slider-pagination\">\n\t\t\t\t\t\t\t\t\t\t\t<li><a href=\"#\" data-goto=\"0\" aria-label=\"Display slide 1\"><\/a><\/li>\n\t\t\t\t\t\t\t\t\t\t\t<li><a href=\"#\" data-goto=\"1\" aria-label=\"Display slide 2\"><\/a><\/li>\n\t\t\t\t\t\t\t\t\t\t\t<li><a href=\"#\" data-goto=\"2\" aria-label=\"Display slide 3\"><\/a><\/li>\n\t\t\t\t\t\t\t\t\t<\/ol>\n\n\t\t\t\t<div class=\"sow-slide-nav sow-slide-nav-next\">\n\t\t\t\t\t<a href=\"#\" data-goto=\"next\" aria-label=\"Next slide\" data-action=\"next\">\n\t\t\t\t\t\t<em class=\"sow-sld-icon-thin-right\"><\/em>\n\t\t\t\t\t<\/a>\n\t\t\t\t<\/div>\n\n\t\t\t\t<div class=\"sow-slide-nav sow-slide-nav-prev\">\n\t\t\t\t\t<a href=\"#\" data-goto=\"previous\" aria-label=\"Previous slide\" data-action=\"prev\">\n\t\t\t\t\t\t<em class=\"sow-sld-icon-thin-left\"><\/em>\n\t\t\t\t\t<\/a>\n\t\t\t\t<\/div>\n\t\t\t\t<\/div><\/div><\/div><\/div><\/div><\/div><\/div><\/div>","protected":false},"excerpt":{"rendered":"<p>Upon his arrival at the Royal Monceau in 2003, Chef Christophe Pel\u00e9 introduced his then second Thomas Boullault to Jo\u00ebl Thi\u00e9bault. From then on, a [&hellip;]<\/p>\n","protected":false},"author":1,"featured_media":0,"parent":0,"menu_order":0,"comment_status":"closed","ping_status":"closed","template":"","meta":{"_mbp_gutenberg_autopost":false,"footnotes":""},"class_list":["post-322403","page","type-page","status-publish","hentry","post"],"yoast_head":"<!-- This site is optimized with the Yoast SEO plugin v27.4 - https:\/\/yoast.com\/product\/yoast-seo-wordpress\/ -->\n<title>The Douchy Vegetables Gardens - L&#039;Ar\u00f4me<\/title>\n<meta name=\"robots\" content=\"index, follow, max-snippet:-1, max-image-preview:large, max-video-preview:-1\" \/>\n<link rel=\"canonical\" href=\"https:\/\/larome-paris.com\/en\/the-douchy-vegetables-gardens\/\" \/>\n<meta property=\"og:locale\" content=\"en_US\" \/>\n<meta property=\"og:type\" content=\"article\" \/>\n<meta property=\"og:title\" content=\"The Douchy Vegetables Gardens - L&#039;Ar\u00f4me\" \/>\n<meta property=\"og:description\" content=\"Upon his arrival at the Royal Monceau in 2003, Chef Christophe Pel\u00e9 introduced his then second Thomas Boullault to Jo\u00ebl Thi\u00e9bault. From then on, a [&hellip;]\" \/>\n<meta property=\"og:url\" content=\"https:\/\/larome-paris.com\/en\/the-douchy-vegetables-gardens\/\" \/>\n<meta property=\"og:site_name\" content=\"L&#039;Ar\u00f4me\" \/>\n<meta property=\"article:publisher\" content=\"https:\/\/www.facebook.com\/laromeparis\" \/>\n<meta property=\"article:modified_time\" content=\"2020-06-05T17:45:48+00:00\" \/>\n<meta property=\"og:image\" content=\"https:\/\/larome-paris.com\/wp-content\/uploads\/2020\/03\/Salle-principal_1520.jpg\" \/>\n\t<meta property=\"og:image:width\" content=\"1520\" \/>\n\t<meta property=\"og:image:height\" content=\"1013\" \/>\n\t<meta property=\"og:image:type\" content=\"image\/jpeg\" \/>\n<meta name=\"twitter:card\" content=\"summary_large_image\" \/>\n<meta name=\"twitter:label1\" content=\"Est. reading time\" \/>\n\t<meta name=\"twitter:data1\" content=\"1 minute\" \/>\n<script type=\"application\/ld+json\" class=\"yoast-schema-graph\">{\"@context\":\"https:\\\/\\\/schema.org\",\"@graph\":[{\"@type\":\"WebPage\",\"@id\":\"https:\\\/\\\/larome-paris.com\\\/en\\\/the-douchy-vegetables-gardens\\\/\",\"url\":\"https:\\\/\\\/larome-paris.com\\\/en\\\/the-douchy-vegetables-gardens\\\/\",\"name\":\"The Douchy Vegetables Gardens - L&#039;Ar\u00f4me\",\"isPartOf\":{\"@id\":\"https:\\\/\\\/larome-paris.com\\\/en\\\/#website\"},\"datePublished\":\"2020-03-24T16:43:34+00:00\",\"dateModified\":\"2020-06-05T17:45:48+00:00\",\"breadcrumb\":{\"@id\":\"https:\\\/\\\/larome-paris.com\\\/en\\\/the-douchy-vegetables-gardens\\\/#breadcrumb\"},\"inLanguage\":\"en-US\",\"potentialAction\":[{\"@type\":\"ReadAction\",\"target\":[\"https:\\\/\\\/larome-paris.com\\\/en\\\/the-douchy-vegetables-gardens\\\/\"]}]},{\"@type\":\"BreadcrumbList\",\"@id\":\"https:\\\/\\\/larome-paris.com\\\/en\\\/the-douchy-vegetables-gardens\\\/#breadcrumb\",\"itemListElement\":[{\"@type\":\"ListItem\",\"position\":1,\"name\":\"Accueil\",\"item\":\"https:\\\/\\\/larome-paris.com\\\/en\\\/accueil-nouveau-2\\\/\"},{\"@type\":\"ListItem\",\"position\":2,\"name\":\"The Douchy Vegetables Gardens\"}]},{\"@type\":\"WebSite\",\"@id\":\"https:\\\/\\\/larome-paris.com\\\/en\\\/#website\",\"url\":\"https:\\\/\\\/larome-paris.com\\\/en\\\/\",\"name\":\"L'Ar\u00f4me\",\"description\":\"1 \u00e9toile Michelin depuis 2009\",\"publisher\":{\"@id\":\"https:\\\/\\\/larome-paris.com\\\/en\\\/#organization\"},\"potentialAction\":[{\"@type\":\"SearchAction\",\"target\":{\"@type\":\"EntryPoint\",\"urlTemplate\":\"https:\\\/\\\/larome-paris.com\\\/en\\\/?s={search_term_string}\"},\"query-input\":{\"@type\":\"PropertyValueSpecification\",\"valueRequired\":true,\"valueName\":\"search_term_string\"}}],\"inLanguage\":\"en-US\"},{\"@type\":\"Organization\",\"@id\":\"https:\\\/\\\/larome-paris.com\\\/en\\\/#organization\",\"name\":\"L'Ar\u00f4me Paris\",\"url\":\"https:\\\/\\\/larome-paris.com\\\/en\\\/\",\"logo\":{\"@type\":\"ImageObject\",\"inLanguage\":\"en-US\",\"@id\":\"https:\\\/\\\/larome-paris.com\\\/en\\\/#\\\/schema\\\/logo\\\/image\\\/\",\"url\":\"https:\\\/\\\/larome-paris.com\\\/wp-content\\\/uploads\\\/2025\\\/07\\\/logo-larome-svg-1.svg\",\"contentUrl\":\"https:\\\/\\\/larome-paris.com\\\/wp-content\\\/uploads\\\/2025\\\/07\\\/logo-larome-svg-1.svg\",\"width\":206,\"height\":212,\"caption\":\"L'Ar\u00f4me Paris\"},\"image\":{\"@id\":\"https:\\\/\\\/larome-paris.com\\\/en\\\/#\\\/schema\\\/logo\\\/image\\\/\"},\"sameAs\":[\"https:\\\/\\\/www.facebook.com\\\/laromeparis\",\"https:\\\/\\\/www.instagram.com\\\/laromerestaurantparis\\\/\",\"https:\\\/\\\/fr.linkedin.com\\\/company\\\/l-ar\u00f4me-paris\"]}]}<\/script>\n<!-- \/ Yoast SEO plugin. -->","yoast_head_json":{"title":"The Douchy Vegetables Gardens - L&#039;Ar\u00f4me","robots":{"index":"index","follow":"follow","max-snippet":"max-snippet:-1","max-image-preview":"max-image-preview:large","max-video-preview":"max-video-preview:-1"},"canonical":"https:\/\/larome-paris.com\/en\/the-douchy-vegetables-gardens\/","og_locale":"en_US","og_type":"article","og_title":"The Douchy Vegetables Gardens - L&#039;Ar\u00f4me","og_description":"Upon his arrival at the Royal Monceau in 2003, Chef Christophe Pel\u00e9 introduced his then second Thomas Boullault to Jo\u00ebl Thi\u00e9bault. From then on, a [&hellip;]","og_url":"https:\/\/larome-paris.com\/en\/the-douchy-vegetables-gardens\/","og_site_name":"L&#039;Ar\u00f4me","article_publisher":"https:\/\/www.facebook.com\/laromeparis","article_modified_time":"2020-06-05T17:45:48+00:00","og_image":[{"width":1520,"height":1013,"url":"https:\/\/larome-paris.com\/wp-content\/uploads\/2020\/03\/Salle-principal_1520.jpg","type":"image\/jpeg"}],"twitter_card":"summary_large_image","twitter_misc":{"Est. reading time":"1 minute"},"schema":{"@context":"https:\/\/schema.org","@graph":[{"@type":"WebPage","@id":"https:\/\/larome-paris.com\/en\/the-douchy-vegetables-gardens\/","url":"https:\/\/larome-paris.com\/en\/the-douchy-vegetables-gardens\/","name":"The Douchy Vegetables Gardens - L&#039;Ar\u00f4me","isPartOf":{"@id":"https:\/\/larome-paris.com\/en\/#website"},"datePublished":"2020-03-24T16:43:34+00:00","dateModified":"2020-06-05T17:45:48+00:00","breadcrumb":{"@id":"https:\/\/larome-paris.com\/en\/the-douchy-vegetables-gardens\/#breadcrumb"},"inLanguage":"en-US","potentialAction":[{"@type":"ReadAction","target":["https:\/\/larome-paris.com\/en\/the-douchy-vegetables-gardens\/"]}]},{"@type":"BreadcrumbList","@id":"https:\/\/larome-paris.com\/en\/the-douchy-vegetables-gardens\/#breadcrumb","itemListElement":[{"@type":"ListItem","position":1,"name":"Accueil","item":"https:\/\/larome-paris.com\/en\/accueil-nouveau-2\/"},{"@type":"ListItem","position":2,"name":"The Douchy Vegetables Gardens"}]},{"@type":"WebSite","@id":"https:\/\/larome-paris.com\/en\/#website","url":"https:\/\/larome-paris.com\/en\/","name":"L'Ar\u00f4me","description":"1 \u00e9toile Michelin depuis 2009","publisher":{"@id":"https:\/\/larome-paris.com\/en\/#organization"},"potentialAction":[{"@type":"SearchAction","target":{"@type":"EntryPoint","urlTemplate":"https:\/\/larome-paris.com\/en\/?s={search_term_string}"},"query-input":{"@type":"PropertyValueSpecification","valueRequired":true,"valueName":"search_term_string"}}],"inLanguage":"en-US"},{"@type":"Organization","@id":"https:\/\/larome-paris.com\/en\/#organization","name":"L'Ar\u00f4me Paris","url":"https:\/\/larome-paris.com\/en\/","logo":{"@type":"ImageObject","inLanguage":"en-US","@id":"https:\/\/larome-paris.com\/en\/#\/schema\/logo\/image\/","url":"https:\/\/larome-paris.com\/wp-content\/uploads\/2025\/07\/logo-larome-svg-1.svg","contentUrl":"https:\/\/larome-paris.com\/wp-content\/uploads\/2025\/07\/logo-larome-svg-1.svg","width":206,"height":212,"caption":"L'Ar\u00f4me Paris"},"image":{"@id":"https:\/\/larome-paris.com\/en\/#\/schema\/logo\/image\/"},"sameAs":["https:\/\/www.facebook.com\/laromeparis","https:\/\/www.instagram.com\/laromerestaurantparis\/","https:\/\/fr.linkedin.com\/company\/l-ar\u00f4me-paris"]}]}},"_links":{"self":[{"href":"https:\/\/larome-paris.com\/en\/wp-json\/wp\/v2\/pages\/322403","targetHints":{"allow":["GET"]}}],"collection":[{"href":"https:\/\/larome-paris.com\/en\/wp-json\/wp\/v2\/pages"}],"about":[{"href":"https:\/\/larome-paris.com\/en\/wp-json\/wp\/v2\/types\/page"}],"author":[{"embeddable":true,"href":"https:\/\/larome-paris.com\/en\/wp-json\/wp\/v2\/users\/1"}],"replies":[{"embeddable":true,"href":"https:\/\/larome-paris.com\/en\/wp-json\/wp\/v2\/comments?post=322403"}],"version-history":[{"count":3,"href":"https:\/\/larome-paris.com\/en\/wp-json\/wp\/v2\/pages\/322403\/revisions"}],"predecessor-version":[{"id":322406,"href":"https:\/\/larome-paris.com\/en\/wp-json\/wp\/v2\/pages\/322403\/revisions\/322406"}],"wp:attachment":[{"href":"https:\/\/larome-paris.com\/en\/wp-json\/wp\/v2\/media?parent=322403"}],"curies":[{"name":"wp","href":"https:\/\/api.w.org\/{rel}","templated":true}]}}